{"id":102,"date":"2011-11-13T11:04:37","date_gmt":"2011-11-13T09:04:37","guid":{"rendered":"http:\/\/verniolle.mairie.free.fr\/wordpress\/?page_id=102"},"modified":"2025-05-21T11:40:39","modified_gmt":"2025-05-21T09:40:39","slug":"la-municipalite","status":"publish","type":"page","link":"https:\/\/verniolle.fr\/wordpress\/la-municipalite\/la-municipalite\/","title":{"rendered":"LA MUNICIPALIT\u00c9"},"content":{"rendered":"\n\n\n<h2 class=\"has-text-align-center wp-block-heading\">                                                                          LA MUNICIPALIT\u00c9<\/h2>\n\n\n\n<h4 class=\"has-text-align-center wp-block-heading\">                                                                                Le jeudi 28 Mai \u00e0 9h30<\/h4>\n\n\n\n<h4 class=\"has-text-align-center wp-block-heading\">                                                                       L&#8217;ensemble des conseillers ont \u00e9lu<\/h4>\n\n\n\n<h4 class=\"has-text-align-center wp-block-heading\">                                                                                 le maire et les adjoints.<\/h4>\n\n\n\n<h3 class=\"has-text-align-center wp-block-heading\">                                                                                <span style=\"color: #008080;\"><strong>Maire <\/strong><\/span><\/h3>\n\n\n\n<h3 class=\"has-text-align-center wp-block-heading\">                                                                          <span style=\"color: #333333;\"><strong>Annie BOUBY<\/strong><\/span><\/h3>\n\n\n\n<h4 class=\"wp-block-heading\">&nbsp;<\/h4>\n\n\n\n<h4 class=\"has-text-align-center wp-block-heading\">                                                                                            <strong><span style=\"color: #008080;\">Adjoints<\/span><br><\/strong><\/h4>\n\n\n\n<h5 class=\"has-text-align-center wp-block-heading\">                                                                                                  <span style=\"color: #333333;\">1er Adjoint : Didier DUPUY<\/span><\/h5>\n\n\n\n<h5 class=\"has-text-align-center wp-block-heading\">                                                                                                <span style=\"color: #333333;\">2\u00e8me Adjoint : Sylvie BERGES<\/span><\/h5>\n\n\n\n<h5 class=\"has-text-align-center wp-block-heading\"><span style=\"color: #333333;\"> <\/span>                                                                                               <span style=\"color: #333333;\">3\u00e8me Adjoint :&nbsp; Bernard ROUBY<\/span><\/h5>\n\n\n\n<h5 class=\"has-text-align-center wp-block-heading\">                                                                                                4\u00e8me Adjoint : G\u00e9rard ROGGERO<\/h5>\n\n\n\n\n\n<p><\/p>\n\n\n\n<p><\/p>\n\n\n\n<h4 class=\"has-text-align-left wp-block-heading\"><strong> <\/strong>&nbsp; &nbsp; &nbsp; &nbsp; &nbsp; &nbsp; &nbsp; &nbsp; &nbsp; &nbsp; &nbsp; &nbsp; &nbsp; &nbsp; &nbsp; &nbsp; &nbsp; &nbsp; &nbsp; &nbsp; &nbsp; &nbsp; &nbsp; &nbsp; &nbsp; &nbsp; &nbsp; &nbsp; &nbsp; &nbsp; &nbsp; &nbsp; &nbsp; &nbsp;<\/h4>\n\n\n\n<h4 class=\"has-text-align-center wp-block-heading\">                                                                                     <strong><span style=\"color: #008080;\">Conseillers<\/span><br><\/strong><\/h4>\n\n\n\n<p class=\"has-text-align-center\"><br><span style=\"color: #333333;\">Genevi\u00e8ve PAULY<\/span><br><span style=\"color: #333333;\">Patrick RAMOS<\/span><br><span style=\"color: #333333;\">Sylvie PERRON<\/span><br><span style=\"color: #333333;\">Hubert BIBENS<\/span><br><span style=\"color: #333333;\">Nathalie BIREBENT<\/span><br><span style=\"color: #333333;\">Herv\u00e9 EYCHENNE<\/span><br><span style=\"color: #333333;\">Karine LOZANO<\/span><br><span style=\"color: #333333;\">J\u00e9r\u00e9my DUCAROUGE<\/span><br><span style=\"color: #333333;\">Audrey DUFRESSE<\/span><br><span style=\"color: #333333;\">Aur\u00e9lie DEJEAN<\/span><br><span style=\"color: #333333;\">Numen MU\u00d1OZ<\/span><br><span style=\"color: #333333;\">Nathalie AUTHIE<\/span><br><span style=\"color: #333333;\">Emmanuelle SANCHEZ<\/span><br><span style=\"color: #333333;\">C\u00e9dric MU\u00d1OZ<\/span><\/p>\n\n\n\n<hr class=\"wp-block-separator\"\/>\n\n\n\n<p class=\"has-text-align-center\"><a href=\"http:\/\/verniolle.fr\/wordpress\/la-municipalite\/commissions-municipales\/\">LES COMMISSIONS MUNICIPALES<\/a><br>Toutes pr\u00e9sid\u00e9es par le Maire, Pr\u00e9sident et\/ou par les Adjoints ou D\u00e9l\u00e9gu\u00e9s &nbsp;: &nbsp;vice-pr\u00e9sidents.<\/p>\n\n\n\n<p class=\"has-text-align-center\">&nbsp;<\/p>\n\n\n","protected":false},"excerpt":{"rendered":"<p>LA MUNICIPALIT\u00c9 Le jeudi 28 Mai \u00e0 9h30 L&#8217;ensemble des conseillers ont \u00e9lu le maire et les adjoints. Maire Annie BOUBY &nbsp; Adjoints 1er Adjoint : Didier DUPUY 2\u00e8me Adjoint : Sylvie BERGES 3\u00e8me Adjoint :&nbsp; Bernard ROUBY 4\u00e8me Adjoint : G\u00e9rard ROGGERO &nbsp; &nbsp; &nbsp; &nbsp; &nbsp; &nbsp; &nbsp; &nbsp; &nbsp; &nbsp; &nbsp; &nbsp; [&hellip;]<\/p>\n","protected":false},"author":3,"featured_media":0,"parent":112,"menu_order":0,"comment_status":"closed","ping_status":"closed","template":"","meta":[],"_links":{"self":[{"href":"https:\/\/verniolle.fr\/wordpress\/wp-json\/wp\/v2\/pages\/102"}],"collection":[{"href":"https:\/\/verniolle.fr\/wordpress\/wp-json\/wp\/v2\/pages"}],"about":[{"href":"https:\/\/verniolle.fr\/wordpress\/wp-json\/wp\/v2\/types\/page"}],"author":[{"embeddable":true,"href":"https:\/\/verniolle.fr\/wordpress\/wp-json\/wp\/v2\/users\/3"}],"replies":[{"embeddable":true,"href":"https:\/\/verniolle.fr\/wordpress\/wp-json\/wp\/v2\/comments?post=102"}],"version-history":[{"count":26,"href":"https:\/\/verniolle.fr\/wordpress\/wp-json\/wp\/v2\/pages\/102\/revisions"}],"predecessor-version":[{"id":8480,"href":"https:\/\/verniolle.fr\/wordpress\/wp-json\/wp\/v2\/pages\/102\/revisions\/8480"}],"up":[{"embeddable":true,"href":"https:\/\/verniolle.fr\/wordpress\/wp-json\/wp\/v2\/pages\/112"}],"wp:attachment":[{"href":"https:\/\/verniolle.fr\/wordpress\/wp-json\/wp\/v2\/media?parent=102"}],"curies":[{"name":"wp","href":"https:\/\/api.w.org\/{rel}","templated":true}]}}